{"id":3,"date":"2020-06-26T18:07:19","date_gmt":"2020-06-26T18:07:19","guid":{"rendered":"http:\/\/carolavercaigne.com\/?page_id=3"},"modified":"2020-07-05T11:52:50","modified_gmt":"2020-07-05T11:52:50","slug":"politica-privacidad","status":"publish","type":"page","link":"https:\/\/carolavercaigne.com\/index.php\/politica-privacidad\/","title":{"rendered":"POL\u00cdTICA DE PRIVACIDAD"},"content":{"rendered":"\n<h2>Qui\u00e9nes somos<\/h2>\n\n\n\n<p>La direcci\u00f3n de nuestra web es: https:\/\/carolavercaigne.com. Esta es una p\u00e1gina dedicada a la difusi\u00f3n de obras escritas y publicadas de la escritora de fantas\u00eda juvenil y adulta Carola Vercaigne.<\/p>\n\n\n\n<p><strong>AVISO LEGAL<\/strong><\/p>\n\n\n\n<p><\/p>\n\n\n\n<h3>1.- Informaci\u00f3n General<\/h3>\n\n\n\n<p><strong>1.1.-<\/strong> El presente aviso e informaci\u00f3n legal regula el uso del servicio del portal de Internet \u00abwww.carolavercaigne.com\u00bb. Las presentes condiciones tienen por objeto regular el acceso y utilizaci\u00f3n del portal por parte de los usuarios que lo visiten, as\u00ed como la puesta a disposici\u00f3n a favor de \u00e9stos, de forma gratuita salvo indicaci\u00f3n expresa en contrario, tanto de la informaci\u00f3n suministrada, ya sea general o especializada, como de los diferentes contenidos ofrecidos y servicios facilitados en el mismo.<\/p>\n\n\n\n<p><strong>1.2.-<\/strong> Cualquier usuario que acceda a la informaci\u00f3n y servicios ofrecidos en el citado dominio est\u00e1 sujeto al presente documento y ello implica la adhesi\u00f3n y aceptaci\u00f3n de \u00e9ste a los T\u00e9rminos y Condiciones establecidos en cada momento. Se entiende por cliente\/usuario todo aquel que navegue por el portal y\/o utilice los servicios incluidos o adquiera los servicios o productos ofertados en el mismo. Por lo cual recomendamos que se lea atentamente las presentes Condiciones antes de iniciar el uso.<\/p>\n\n\n\n<p><strong>1.3.-<\/strong> Para dar cumplimiento con lo establecido en la Ley 34\/2002, de 11 de julio, de Servicios de la Sociedad de la Informaci\u00f3n y de comercio electr\u00f3nico, a continuaci\u00f3n se indican los datos de informaci\u00f3n general de este sitio web:<\/p>\n\n\n\n<ul><li><strong>Titular: <\/strong>Carola Vercaigne<\/li><li><strong>Contacto: <\/strong><a href=\"admin@carolavercaigne.com\"><a href=\"mailto:admin@carolavercaigne.com\" target=\"_blank\" rel=\"noreferrer noopener\">admin@carolavercaigne.com<\/a><\/a><\/li><\/ul>\n\n\n\n<p><strong>1.4.-<\/strong> En cuanto a la informaci\u00f3n contenida en el portal, Carola Vercaigne no garantiza la inexistencia de interrupciones o errores en el acceso al portal, en su contenido, ni que \u00e9ste se encuentre actualizado, aunque desarrollar\u00e1 sus mejores esfuerzos para, en su caso, evitarlos, subsanarlos o actualizarlos intentando mantener por ello la mayor precisi\u00f3n en los contenidos y una completa informaci\u00f3n para el usuario.<\/p>\n\n\n\n<p><strong>1.5.-<\/strong> Igualmente la entidad no puede garantizar que los enlaces a otros lugares sean exactos en el momento de su acceso. Los lugares a los que apuntan los enlaces son propiedad de terceros y por lo cual son ellos los que se responsabilizaran en su medida y en la legalidad de su contenido. Las eventuales referencias que se hagan en esta Web a cualquier producto, servicio, proceso, enlace, hipertexto o cualquier otra informaci\u00f3n utilizando la marca, el nombre comercial o el fabricante o suministrador, etc. que sean de titularidad de terceros, no constituye o implica respaldo, patrocinio o recomendaci\u00f3n por parte de esta empresa.<\/p>\n\n\n\n<p><strong>1.6.-<\/strong> Para el caso que se presten servicios de comercio electr\u00f3nico a trav\u00e9s del Portal ser\u00e1 de aplicaci\u00f3n la normativa contenida en la Ley 34\/2002, de Servicios de la Sociedad de la Informaci\u00f3n y Comercio electr\u00f3nico, la Ley 7\/1998 sobre Condiciones Generales de Contrataci\u00f3n, el Real Decreto Legislativo 1\/2007, de 16 de noviembre, por el que se aprueba el Texto Refundido de la Ley General de Defensa de los Consumidores y Usuarios y otras leyes complementarias, la Ley 7\/1996 de Ordenaci\u00f3n del Comercio Minorista, y en particular, por las Condiciones Particulares de contrataci\u00f3n que, en su caso sean publicadas en el Portal web.<\/p>\n\n\n\n<p><strong>1.7.-<\/strong> Aunque el titular del sitio web se reserva el derecho de modificar unilateralmente, en cualquier momento y sin previo aviso, tanto las presentes Condiciones Generales, como las Particulares que eventualmente puedan establecerse; la configuraci\u00f3n, presentaci\u00f3n y dise\u00f1o del portal o de cualquiera de los elementos que lo integran; las informaciones, generales o especializadas, y los contenidos suministrados y, en general, cualesquiera otras circunstancias no designadas expresamente, incluida la cancelaci\u00f3n del portal o de alguno de sus elementos. Implantada cualquiera de las referidas modificaciones en el portal, todo acceso posterior realizado por el usuario supondr\u00e1 su aceptaci\u00f3n incondicional de la misma.<\/p>\n\n\n\n<p><strong>1.8.-<\/strong> Las presentes Condiciones Generales y las Particulares que eventualmente puedan establecerse, y con la redacci\u00f3n que presenten en cada momento, tienen una duraci\u00f3n indefinida, y permanecer\u00e1n en vigor mientras el portal contin\u00fae activo.<\/p>\n\n\n\n<h3>2.- Responsabilidad del usuario<\/h3>\n\n\n\n<p><strong>2.1.-<\/strong> El uso del Portal se realizar\u00e1 bajo la \u00fanica y exclusiva responsabilidad del usuario, quedando exonerado, expresamente, el titular del sitio web de los da\u00f1os y\/o perjuicios que se causaren al usuario o a terceros por dicho uso en contra de lo establecido en el presente Aviso Legal y las Condiciones Particulares que en cada caso fuesen de aplicaci\u00f3n, o en contra de la legislaci\u00f3n vigente y aplicable en el momento. Dicha responsabilidad se extender\u00e1 al uso, por parte del usuario o de cualquier tercero, de cualesquiera contrase\u00f1a o similares asignadas para el acceso al Portal, en su caso, o a cualesquiera de sus servicios.<\/p>\n\n\n\n<p><strong>2.2.-<\/strong> El Usuario se compromete a hacer un uso adecuado de los contenidos y servicios que la entidad ofrece a trav\u00e9s de su portal y con car\u00e1cter enunciativo pero no limitativo, a no emplearlos para:<\/p>\n\n\n\n<ol><li>Incurrir en actividades il\u00edcitas, ilegales o contrarias a la buena fe y al orden p\u00fablico;<\/li><li>Difundir contenidos o propaganda de car\u00e1cter racista, xen\u00f3fobo, pornogr\u00e1fico-ilegal, de apolog\u00eda del terrorismo o atentatorio contra los derechos humanos;<\/li><li>Provocar da\u00f1os en los sistemas f\u00edsicos y l\u00f3gicos del titular del sitio web, de sus proveedores o de terceras personas, introducir o difundir en la red virus inform\u00e1ticos o cualesquiera otros sistemas f\u00edsicos o l\u00f3gicos que sean susceptibles de provocar los da\u00f1os anteriormente mencionados<\/li><\/ol>\n\n\n\n<p><strong>2.3.-<\/strong> Asimismo el titular del sitio web, aunque comprometido a adoptar las medidas de seguridad adecuadas, no se hace responsable de los posibles errores de seguridad que se puedan producir ni de los posibles da\u00f1os que puedan causarse al sistema inform\u00e1tico del usuario (hardware y software), los ficheros o documentos almacenados en el mismo, como consecuencia de la presencia de virus u otros en el ordenador del usuario utilizado para la conexi\u00f3n a los servicios y contenidos del portal, de un mal funcionamiento del navegador o del uso de versiones no actualizadas del mismo.<\/p>\n\n\n\n<p><strong>2.4.-<\/strong> La empresa, se reserva el derecho a denegar en cualquier momento y sin necesidad de aviso previo, el acceso al Portal, a aquellos usuarios que incumplan estas condiciones generales, o las particulares que en cada caso les sean de aplicaci\u00f3n.<\/p>\n\n\n\n<p><strong>2.5.-<\/strong> En el caso que el titular del sitio web dispusiese de enlaces a otros sitios de internet gestionados por terceros, el titular del sitio web no ejercer\u00e1 ning\u00fan tipo de control sobre dichos sitios y\/o contenidos, y por tanto queda excluida cualquier responsabilidad al titular del Portal derivada del uso y contenido de tales enlaces. Asimismo, en caso de que el Portal incluya enlaces a pasarelas de pago o similares, el titular del sitio web no asume ninguna responsabilidad sobre el contenido, disponibilidad t\u00e9cnica o funcionamiento de los mismos.<\/p>\n\n\n\n<p><strong>2.6.-<\/strong> El titular del sitio web no garantiza la licitud, calidad, fiabilidad y utilidad de los servicios prestados por terceros o los que el titular del sitio web act\u00fae \u00fanicamente como mero conector. Los enlaces externos dirigen a p\u00e1ginas web de entidades ajenas a la nuestra. Dichas entidades son las responsables de sus contenidos. En caso de cualquier transgresi\u00f3n de la ley, se eliminar\u00e1n inmediatamente dichos enlaces.<\/p>\n\n\n\n<h3>3.- Derechos de propiedad Intelectual<\/h3>\n\n\n\n<p><strong>3.1.-<\/strong> Todo el portal, entendi\u00e9ndose incluido, el contenido, c\u00f3digos fuente, forma dise\u00f1o, denominaci\u00f3n de los productos, im\u00e1genes, marcas, nombres comerciales, logotipos, gr\u00e1ficos, incluidos copyright, archivos de audio, archivo de software, combinaciones de colores, as\u00ed como la estructura, contenido y orden de la misma, est\u00e1n protegidos por la normativa reguladora de la Propiedad Intelectual e Industrial y se entiende que son propiedad, han sido cedidos o son objeto de licencia, a favor del titular del sitio web y por lo tanto la autor\u00eda y el derecho de explotaci\u00f3n se encuentran protegidos por las leyes mercantiles y penales vigentes, y su infracci\u00f3n constituye una actividad il\u00edcita o delictiva.<\/p>\n\n\n\n<p><strong>3.2.-<\/strong> El USUARIO podr\u00e1 visualizar los elementos y contenidos de esta p\u00e1gina web e incluso imprimirlos, copiarlos y almacenarlos en el disco duro de su ordenador o en cualquier otro soporte f\u00edsico siempre y cuando sea, \u00fanica y exclusivamente, para su uso personal y privado, manteniendo en todo momento intactos las notas relativas a los derechos de autor y propiedad. Quedando, por tanto, terminantemente prohibida la reproducci\u00f3n, transformaci\u00f3n, distribuci\u00f3n, comunicaci\u00f3n p\u00fablica, puesta a disposici\u00f3n o cualquier otra forma de explotaci\u00f3n con fines comerciales, as\u00ed como su modificaci\u00f3n, alteraci\u00f3n o descompilaci\u00f3n. El USUARIO deber\u00e1 abstenerse de suprimir, alterar, eludir o manipular cualquier dispositivo de protecci\u00f3n o sistema de seguridad que estuviera instalado en esta p\u00e1gina web.<\/p>\n\n\n\n<p><strong>3.3.-<\/strong> El acceso y navegaci\u00f3n por el sitio web no otorga al Usuario ninguna licencia o autorizaci\u00f3n de uso de ninguna clase sobre sus derechos de Propiedad Intelectual o Industrial o sobre cualquier derecho o propiedad relacionados con la propia web, los servicios o los contenidos, salvo el mero derecho al acceso y navegaci\u00f3n, reserv\u00e1ndose el titular del sitio web la facultad de ejercer las acciones legales pertinentes en el caso de que el Usuario incumpla los derechos de propiedad intelectual y\/o industrial.<\/p>\n\n\n\n<h3>4.- Protecci\u00f3n de datos<\/h3>\n\n\n\n<p>En cumplimiento de lo dispuesto en el Reglamento (UE) 2016\/679 del Parlamento Europeo y del Consejo de 27 de abril de 2016 relativo a la protecci\u00f3n de las personas f\u00edsicas (RGPD), en la Ley Org\u00e1nica 15\/1999, de 13 de diciembre, de Protecci\u00f3n de Datos de Car\u00e1cter Personal (LOPD), y en la Ley 34\/2002, de 11 de julio, de servicios de la sociedad de la informaci\u00f3n y comercio electr\u00f3nico, as\u00ed como en sus reglamentos de desarrollo, se informa al Usuario del Portal de lo siguiente:<\/p>\n\n\n\n<p><strong>4.1.-<\/strong> Que la entidad respeta la legislaci\u00f3n vigente en materia de protecci\u00f3n de datos personales, la privacidad y confidencialidad de los usuarios, as\u00ed como el secreto y seguridad de los datos personales, de conformidad con lo establecido en el Reglamento Europeo (RGPD), la Ley Org\u00e1nica 15\/1999, de Protecci\u00f3n de Datos de Car\u00e1cter Personal y el Real Decreto 1720\/2007, de 21 de diciembre, por el que se aprueba el Reglamento de desarrollo de la Ley Org\u00e1nica 15\/1999, de Protecci\u00f3n de Datos de Car\u00e1cter Personal, adoptando para ello las medidas t\u00e9cnicas y organizativas necesarias para evitar la p\u00e9rdida, mal uso, alteraci\u00f3n, acceso no autorizado y robo de los datos personales facilitados, habida cuenta del estado de la tecnolog\u00eda, la naturaleza de los datos y los riesgos a los que est\u00e1n expuestos.<\/p>\n\n\n\n<p><strong>4.2.-<\/strong> Se informa a los usuarios del portal que sus datos de car\u00e1cter personal s\u00f3lo podr\u00e1n obtenerse para su tratamiento cuando sean adecuados, pertinentes y no excesivos en relaci\u00f3n con el \u00e1mbito y las finalidades determinadas, expl\u00edcitas y leg\u00edtimas para las que se hayan obtenido y que de los mismos se har\u00e1 un uso racional y responsable. As\u00ed como a no cederlos a cualquier otra entidad, salvo autorizaci\u00f3n expresa del titular o por obligaci\u00f3n legal. Por otro lado, los datos proporcionados ser\u00e1n cancelados por la entidad cuando hayan dejado de ser necesarios o pertinentes para dicha finalidad, o cuando lo solicite el titular, en el ejercicio de su derecho.<\/p>\n\n\n\n<p><strong>4.3.-<\/strong> Los usuarios garantizan y responden, en cualquier caso, de la veracidad, exactitud, vigencia, autenticidad, pertinencia y no excesividad de los datos personales proporcionados, y se comprometen a mantenerlos debidamente actualizados.<\/p>\n\n\n\n<p><strong>4.4.-<\/strong> La entiedad proceder\u00e1 exclusivamente al env\u00edo de comunicaciones comerciales a aquellos usuarios que expresamente hayan prestado su consentimiento en el formulario de registro y sobre los productos ofertados por la entidad.<\/p>\n\n\n\n<p><strong>4.5.-<\/strong> En cumplimiento de lo dispuesto en el Reglamento (RGPD) la entidad se compromete al respeto de los principios de licitud, lealtad y transparencia estableci\u00e9ndose mecanismos de informaci\u00f3n por capas desglosados en los siguientes ep\u00edgrafes: (\u00abResponsable\u00bb, \u00abFinalidad\u00bb, \u00abLegitimaci\u00f3n\u00bb, \u00abDestinatarios\u00bb y \u00abDerechos\u00bb).<\/p>\n\n\n\n<ul><li><strong>Responsable:<\/strong> Carola Vercaigne<\/li><li><strong>Finalidad:<\/strong> Gestionar el env\u00edo de la informaci\u00f3n que nos soliciten y facilitar a los usuarios las ofertas de productos y servicios de acuerdo con sus intereses. As\u00ed como mejorar su experiencia de usuario en base a la informaci\u00f3n facilitada. No se tomar\u00e1n decisiones automatizadas a dicho perfil. Los datos personales proporcionados se conservar\u00e1n mientras se mantenga la relaci\u00f3n mercantil o se solicite su supresi\u00f3n por el interesado.<\/li><li><strong>Legitimaci\u00f3n:<\/strong> La base legal para el tratamiento de sus datos es el consentimiento que se le solicita al usuario para la oferta de productos y servicios que figura en la p\u00e1gina web.<\/li><li><strong>Destinatarios:<\/strong> Cualquier cesi\u00f3n a terceros de los datos personales de los usuarios de este portal, ser\u00e1 comunicada debidamente a los afectados especificando la identidad de los cesionarios y la finalidad con la que se van a tratar los datos que se ceden entre las que se incluyen los fines administrativos internos, incluido el tratamiento de datos personales de cliente.<\/li><li><strong>Derechos:<\/strong> Los datos de car\u00e1cter personal que el Usuario facilite o que en el futuro pueda facilitar, ser\u00e1n recogidos en un fichero automatizado cuyo responsable es Carola Vercaigne. El Usuario podr\u00e1 ejercitar, respecto de los datos recabados, los derechos reconocidos en el Reglamento Europeo (RGPD), en la Ley Org\u00e1nica 15\/1999, y en particular los derechos de acceso, rectificaci\u00f3n, cancelaci\u00f3n de datos, oposici\u00f3n, limitaci\u00f3n del tratamiento y portabilidad, siempre que resultase pertinente, as\u00ed como el de revocaci\u00f3n del consentimiento para la cesi\u00f3n de sus datos o para cualquiera de los usos antes se\u00f1alados. Los derechos referidos en el p\u00e1rrafo precedente, podr\u00e1n ejercitarse por cada Usuario a trav\u00e9s de solicitud escrita y firmada podr\u00e1 enviarla por correo electr\u00f3nico a <a href=\"mailto:admin@carolavercaigne.com\" target=\"_blank\" rel=\"noreferrer noopener\">admin@carolavercaigne.com<\/a>, adjuntando copia del DNI del Usuario.<\/li><\/ul>\n\n\n\n<h3>5.- Utilizaci\u00f3n de cookies<\/h3>\n\n\n\n<p><strong>5.1.-<\/strong> Definici\u00f3n: Una cookie es un fichero que se descarga en su ordenador, tablet, smartphone o cualquier otro dispositivo al acceder a determinadas p\u00e1ginas web. Las cookies permiten a una p\u00e1gina web, entre otras cosas, almacenar y recuperar informaci\u00f3n sobre los h\u00e1bitos de navegaci\u00f3n de un usuario o de su equipo y, dependiendo de la informaci\u00f3n que contengan y de la forma en que utilice su equipo, pueden utilizarse para reconocer al usuario. En ning\u00fan caso las cookies podr\u00edan da\u00f1ar su equipo. Por contra, el que est\u00e9n activas nos ayuda a identificar y resolver los posibles errores.<\/p>\n\n\n\n<p><strong>5.2.-<\/strong> El titular del sitio web podr\u00e1 utilizar cookies para personalizar y facilitar al m\u00e1ximo la navegaci\u00f3n del usuario por su Portal. Las cookies se asocian \u00fanicamente a un usuario an\u00f3nimo y su ordenador, y no proporcionan referencias que permitan deducir datos personales del Usuario. El mismo podr\u00e1 configurar su navegador para que notifique y rechace la instalaci\u00f3n de las cookies enviadas por la entidad, sin que ello perjudique la posibilidad del usuario de acceder a los Contenidos.<\/p>\n\n\n\n<ul><li><strong>Cookie:<\/strong> viewed_cookie_policy<br><strong>Duraci\u00f3n:<\/strong> 1 a\u00f1o<br><strong>Prop\u00f3sito:<\/strong> Guarda informaci\u00f3n sobre la aceptaci\u00f3n de cookies<\/li><li><strong>Cookie:<\/strong> snp_snppopup-welcome<br><strong>Duraci\u00f3n:<\/strong> Sesi\u00f3n<br><strong>Prop\u00f3sito:<\/strong> Guarda informaci\u00f3n sobre popup promocional<\/li><li><strong>Cookie:<\/strong> _ga<br><strong>Duraci\u00f3n:<\/strong> 2 a\u00f1os<br><strong>Prop\u00f3sito:<\/strong> Se usa para distinguir a los usuarios (Google)<\/li><li><strong>Cookie:<\/strong> _gid<br><strong>Duraci\u00f3n:<\/strong> 24 horas<br><strong>Prop\u00f3sito:<\/strong> Se usa para distinguir a los usuarios (Google)<\/li><li><strong>Cookie:<\/strong> _gat<br><strong>Duraci\u00f3n:<\/strong> 1 minuto<br><strong>Prop\u00f3sito:<\/strong> Se usa para limitar el porcentaje de solicitudes (Google)<\/li><\/ul>\n\n\n\n<p><strong>5.3.-<\/strong> Le informamos que puede permitir, bloquear o eliminar las cookies instaladas en su equipo mediante la configuraci\u00f3n de las opciones de su navegador de Internet. En caso de que no permita la instalaci\u00f3n de cookies en su navegador es posible que no pueda acceder a algunos de los servicios y que su experiencia en nuestra web pueda resultar menos satisfactoria.<\/p>\n\n\n\n<ul><li><a href=\"http:\/\/support.google.com\/chrome\/bin\/answer.py?hl=es&amp;answer=95647\" target=\"_blank\" rel=\"noreferrer noopener\">Chrome<\/a><\/li><li><a href=\"http:\/\/windows.microsoft.com\/es-es\/windows7\/how-to-manage-cookies-in-internet-explorer-9\" target=\"_blank\" rel=\"noreferrer noopener\">Explorer<\/a><\/li><li><a href=\"http:\/\/support.mozilla.org\/es\/kb\/habilitar-y-deshabilitar-cookies-que-los-sitios-we\" target=\"_blank\" rel=\"noreferrer noopener\">Firefox<\/a><\/li><li><a href=\"http:\/\/support.apple.com\/kb\/ph5042\" target=\"_blank\" rel=\"noreferrer noopener\">Safari<\/a><\/li><\/ul>\n\n\n\n<h3>6.- Jurisdicci\u00f3n y legislaci\u00f3n aplicables<\/h3>\n\n\n\n<p><strong>6.1.-<\/strong> Los t\u00e9rminos y condiciones que rigen este portal y todas las relaciones que pudieran derivarse se encuentran salvaguardados por la legislaci\u00f3n espa\u00f1ola.<\/p>\n\n\n\n<p><strong>6.2.-<\/strong> Cualquier controversia que pudiera derivarse del acceso o la utilizaci\u00f3n de este portal se somete a la exclusiva jurisdicci\u00f3n de los tribunales del domicilio del titular del sitio web.<\/p>\n\n\n\n<p><\/p>\n","protected":false},"excerpt":{"rendered":"<h2>Qui\u00e9nes somos<\/h2>\n<p>La direcci\u00f3n de nuestra web es: https:\/\/carolavercaigne.com. Esta es una p\u00e1gina dedicada a la difusi\u00f3n de obras escritas y publicadas de la escritora de fantas\u00eda juvenil y adulta Carola Vercaigne.<\/p>\n<p class=\"excerpt-link\"><a href=\"https:\/\/carolavercaigne.com\/index.php\/politica-privacidad\/\">&sim;&nbsp;Continue Reading&nbsp;&sim;<\/a><\/p>\n","protected":false},"author":1,"featured_media":0,"parent":0,"menu_order":0,"comment_status":"closed","ping_status":"open","template":"","meta":[],"yoast_head":"<!-- This site is optimized with the Yoast SEO plugin v16.4 - https:\/\/yoast.com\/wordpress\/plugins\/seo\/ -->\n<meta name=\"robots\" content=\"index, follow, max-snippet:-1, max-image-preview:large, max-video-preview:-1\" \/>\n<link rel=\"canonical\" href=\"https:\/\/carolavercaigne.com\/index.php\/politica-privacidad\/\" \/>\n<meta property=\"og:locale\" content=\"es_ES\" \/>\n<meta property=\"og:type\" content=\"article\" \/>\n<meta property=\"og:title\" content=\"POL\u00cdTICA DE PRIVACIDAD ~ Carola Vercaigne\" \/>\n<meta property=\"og:description\" content=\"Qui\u00e9nes somos  La direcci\u00f3n de nuestra web es: https:\/\/carolavercaigne.com. Esta es una p\u00e1gina dedicada a la difusi\u00f3n de obras escritas y publicadas de la escritora de fantas\u00eda juvenil y adulta Carola Vercaigne.&sim;&nbsp;Continue Reading&nbsp;&sim;\" \/>\n<meta property=\"og:url\" content=\"https:\/\/carolavercaigne.com\/index.php\/politica-privacidad\/\" \/>\n<meta property=\"og:site_name\" content=\"Carola Vercaigne\" \/>\n<meta property=\"article:modified_time\" content=\"2020-07-05T11:52:50+00:00\" \/>\n<meta name=\"twitter:card\" content=\"summary_large_image\" \/>\n<meta name=\"twitter:label1\" content=\"Tiempo de lectura\" \/>\n\t<meta name=\"twitter:data1\" content=\"14 minutos\" \/>\n<script type=\"application\/ld+json\" class=\"yoast-schema-graph\">{\"@context\":\"https:\/\/schema.org\",\"@graph\":[{\"@type\":[\"Person\",\"Organization\"],\"@id\":\"https:\/\/carolavercaigne.com\/#\/schema\/person\/0e20eb114ce52348c24fce546930ab39\",\"name\":\"Carola\",\"image\":{\"@type\":\"ImageObject\",\"@id\":\"https:\/\/carolavercaigne.com\/#personlogo\",\"inLanguage\":\"es\",\"url\":\"https:\/\/secure.gravatar.com\/avatar\/9879b20eef827deca00a7c0544465acb?s=96&d=mm&r=g\",\"contentUrl\":\"https:\/\/secure.gravatar.com\/avatar\/9879b20eef827deca00a7c0544465acb?s=96&d=mm&r=g\",\"caption\":\"Carola\"},\"logo\":{\"@id\":\"https:\/\/carolavercaigne.com\/#personlogo\"},\"sameAs\":[\"http:\/\/carolavercaigne.com\"]},{\"@type\":\"WebSite\",\"@id\":\"https:\/\/carolavercaigne.com\/#website\",\"url\":\"https:\/\/carolavercaigne.com\/\",\"name\":\"Carola Vercaigne\",\"description\":\"\",\"publisher\":{\"@id\":\"https:\/\/carolavercaigne.com\/#\/schema\/person\/0e20eb114ce52348c24fce546930ab39\"},\"potentialAction\":[{\"@type\":\"SearchAction\",\"target\":\"https:\/\/carolavercaigne.com\/?s={search_term_string}\",\"query-input\":\"required name=search_term_string\"}],\"inLanguage\":\"es\"},{\"@type\":\"WebPage\",\"@id\":\"https:\/\/carolavercaigne.com\/index.php\/politica-privacidad\/#webpage\",\"url\":\"https:\/\/carolavercaigne.com\/index.php\/politica-privacidad\/\",\"name\":\"POL\\u00cdTICA DE PRIVACIDAD ~ Carola Vercaigne\",\"isPartOf\":{\"@id\":\"https:\/\/carolavercaigne.com\/#website\"},\"datePublished\":\"2020-06-26T18:07:19+00:00\",\"dateModified\":\"2020-07-05T11:52:50+00:00\",\"breadcrumb\":{\"@id\":\"https:\/\/carolavercaigne.com\/index.php\/politica-privacidad\/#breadcrumb\"},\"inLanguage\":\"es\",\"potentialAction\":[{\"@type\":\"ReadAction\",\"target\":[\"https:\/\/carolavercaigne.com\/index.php\/politica-privacidad\/\"]}]},{\"@type\":\"BreadcrumbList\",\"@id\":\"https:\/\/carolavercaigne.com\/index.php\/politica-privacidad\/#breadcrumb\",\"itemListElement\":[{\"@type\":\"ListItem\",\"position\":1,\"item\":{\"@type\":\"WebPage\",\"@id\":\"https:\/\/carolavercaigne.com\/\",\"url\":\"https:\/\/carolavercaigne.com\/\",\"name\":\"Portada\"}},{\"@type\":\"ListItem\",\"position\":2,\"item\":{\"@id\":\"https:\/\/carolavercaigne.com\/index.php\/politica-privacidad\/#webpage\"}}]}]}<\/script>\n<!-- \/ Yoast SEO plugin. -->","_links":{"self":[{"href":"https:\/\/carolavercaigne.com\/index.php\/wp-json\/wp\/v2\/pages\/3"}],"collection":[{"href":"https:\/\/carolavercaigne.com\/index.php\/wp-json\/wp\/v2\/pages"}],"about":[{"href":"https:\/\/carolavercaigne.com\/index.php\/wp-json\/wp\/v2\/types\/page"}],"author":[{"embeddable":true,"href":"https:\/\/carolavercaigne.com\/index.php\/wp-json\/wp\/v2\/users\/1"}],"replies":[{"embeddable":true,"href":"https:\/\/carolavercaigne.com\/index.php\/wp-json\/wp\/v2\/comments?post=3"}],"version-history":[{"count":2,"href":"https:\/\/carolavercaigne.com\/index.php\/wp-json\/wp\/v2\/pages\/3\/revisions"}],"predecessor-version":[{"id":289,"href":"https:\/\/carolavercaigne.com\/index.php\/wp-json\/wp\/v2\/pages\/3\/revisions\/289"}],"wp:attachment":[{"href":"https:\/\/carolavercaigne.com\/index.php\/wp-json\/wp\/v2\/media?parent=3"}],"curies":[{"name":"wp","href":"https:\/\/api.w.org\/{rel}","templated":true}]}}